{"id":78,"date":"2024-06-10T17:45:38","date_gmt":"2024-06-10T15:45:38","guid":{"rendered":"https:\/\/icasueca.es\/web\/?page_id=78"},"modified":"2024-07-19T15:58:40","modified_gmt":"2024-07-19T13:58:40","slug":"estructura-organizativa","status":"publish","type":"page","link":"https:\/\/icasueca.es\/web\/estructura-organizativa\/","title":{"rendered":"Estructura Organizativa"},"content":{"rendered":"\t\t<div data-elementor-type=\"wp-page\" data-elementor-id=\"78\" class=\"elementor elementor-78\" data-elementor-post-type=\"page\">\n\t\t\t\t<div class=\"elementor-element elementor-element-635fc07e e-flex e-con-boxed e-con e-parent\" data-id=\"635fc07e\" data-element_type=\"container\">\n\t\t\t\t\t<div class=\"e-con-inner\">\n\t\t\t\t<div class=\"elementor-element elementor-element-88923b3 elementor-widget elementor-widget-heading\" data-id=\"88923b3\" data-element_type=\"widget\" data-widget_type=\"heading.default\">\n\t\t\t\t<div class=\"elementor-widget-container\">\n\t\t\t\t\t<h2 class=\"elementor-heading-title elementor-size-default\">Junta de Gobierno.<\/h2>\t\t\t\t<\/div>\n\t\t\t\t<\/div>\n\t\t\t\t<div class=\"elementor-element elementor-element-6ceb66d elementor-widget elementor-widget-image\" data-id=\"6ceb66d\" data-element_type=\"widget\" data-widget_type=\"image.default\">\n\t\t\t\t<div class=\"elementor-widget-container\">\n\t\t\t\t\t\t\t\t\t\t\t\t\t\t\t<img fetchpriority=\"high\" decoding=\"async\" width=\"768\" height=\"506\" src=\"https:\/\/icasueca.es\/web\/wp-content\/uploads\/2024\/07\/IMG_2326-768x506.jpg\" class=\"attachment-medium_large size-medium_large wp-image-971\" alt=\"\" srcset=\"https:\/\/icasueca.es\/web\/wp-content\/uploads\/2024\/07\/IMG_2326-768x506.jpg 768w, https:\/\/icasueca.es\/web\/wp-content\/uploads\/2024\/07\/IMG_2326-300x198.jpg 300w, https:\/\/icasueca.es\/web\/wp-content\/uploads\/2024\/07\/IMG_2326-1024x675.jpg 1024w, https:\/\/icasueca.es\/web\/wp-content\/uploads\/2024\/07\/IMG_2326-1536x1013.jpg 1536w, https:\/\/icasueca.es\/web\/wp-content\/uploads\/2024\/07\/IMG_2326-2048x1350.jpg 2048w\" sizes=\"(max-width: 768px) 100vw, 768px\" \/>\t\t\t\t\t\t\t\t\t\t\t\t\t\t\t<\/div>\n\t\t\t\t<\/div>\n\t\t\t\t<div class=\"elementor-element elementor-element-34dffac0 elementor-widget elementor-widget-text-editor\" data-id=\"34dffac0\" data-element_type=\"widget\" data-widget_type=\"text-editor.default\">\n\t\t\t\t<div class=\"elementor-widget-container\">\n\t\t\t\t\t\t\t\t\t<nav class=\"wp-block-stackable-table-of-contents stk-block-table-of-contents stk-block stk-dec89dd\" data-block-id=\"dec89dd\">\n<h1>\u00a0<\/h1>\n<p>\u00a0<\/p>\n<p>Decano: Sr. D. Jes\u00fas Salvador Mu\u00f1oz Carrasquer<\/p>\n<p>Diputada 1er: Sra. D\u00aa. Amparo Colomina Pellicer<\/p>\n<p>Diputado 2on: Sr. D. Vicente Nicola Sime\u00f3n<\/p>\n<p>Diputado 3er: Sr. Julio Serra Casanova<\/p>\n<p>Bibliotecario: Sr. D. Manuel Cort\u00e9s Meseguer<\/p>\n<p>Tesorero: Sr. Jos\u00e9 Eduardo Ram\u00f3n i Lled\u00f3<\/p>\n<p>Secretaria: Sra. D\u00aa Maria Jose Sendra-Llopis Martorell<\/p>\n<\/nav>\n<p>\u00a0<\/p>\n<p>A los efectos de gestionar las diferentes \u00e1reas de funcionamiento del colegio, la Junta de Gobierno se organiza en las siguientes comisiones:<\/p>\n\n<div id=\"comision-de-gestion\" class=\"wp-block-stackable-heading stk-block-heading stk-block-heading--v2 stk-block stk-99cf4ea\" data-block-id=\"99cf4ea\">\n<h2 class=\"stk-block-heading__text\">Comisi\u00f3n de Gesti\u00f3n<\/h2>\n<\/div>\n\n<p>Responsables: Decano Don Jes\u00fas Salvador Mu\u00f1oz Carrasquer,<br \/>Tesorero: Don Jos\u00e9 Eduardo Ram\u00f3n Lled\u00f3<\/p>\n<p>Secretaria: Do\u00f1a Mar\u00eda Jos\u00e9 Sendra-Llopis Martorell<br \/>Funciones: Gesti\u00f3n eficaz del colegio<\/p>\n\n<div id=\"comision-de-deontologia-y-expedientes-disciplinarios\" class=\"wp-block-stackable-heading stk-block-heading stk-block-heading--v2 stk-block stk-0d95975\" data-block-id=\"0d95975\">\n<h2 class=\"stk-block-heading__text\">Comisi\u00f3n de Deontolog\u00eda y Expedientes Disciplinarios<\/h2>\n<\/div>\n\n<p>Responsable: Do\u00f1a Mar\u00eda Jos\u00e9 Sendra-Llopis Martorell<br \/>Funciones: Velar por el cumplimiento de los principios \u00e9ticos y gesti\u00f3n de expedientes disciplinarios.<\/p>\n\n<div id=\"comision-del-turno-de-oficio\" class=\"wp-block-stackable-heading stk-block-heading stk-block-heading--v2 stk-block stk-a36ff87\" data-block-id=\"a36ff87\">\n<h2 class=\"stk-block-heading__text\">Comisi\u00f3n del Turno de Oficio<\/h2>\n<\/div>\n\n<p>Responsables: Do\u00f1a Amparo Colomina Pellicer, D\u00aa Maria Jos\u00e9 Sendra-Llopis Martorell, Don Jos\u00e9 Eduardo Ram\u00f3n Lled\u00f3, D. Jes\u00fas Mu\u00f1oz Carrasquer<br \/>Funciones: Coordinar la asistencia legal gratuita.<\/p>\n\n<div id=\"comision-de-infraestructura-tecnologia-y-redes-sociales\" class=\"wp-block-stackable-heading stk-block-heading stk-block-heading--v2 stk-block stk-f520568\" data-block-id=\"f520568\">\n<h2 class=\"stk-block-heading__text\">Comisi\u00f3n de Infraestructura Tecnolog\u00eda y Redes Sociales<\/h2>\n<\/div>\n\n<p>Responsables: Don Vicente Nicola Sime\u00f3n, Don Julio Salvador Serra Casanova<br \/>Funciones: Modernizaci\u00f3n de la infraestructura tecnol\u00f3gica y gesti\u00f3n de redes sociales.<\/p>\n\n<div id=\"comision-de-formacion\" class=\"wp-block-stackable-heading stk-block-heading stk-block-heading--v2 stk-block stk-2cf4ef0\" data-block-id=\"2cf4ef0\">\n<h2 class=\"stk-block-heading__text\">Comisi\u00f3n de Formaci\u00f3n<\/h2>\n<\/div>\n\n<p>Responsables: Don Manuel Cort\u00e9s Meseguer, Don Julio\u00a0 Serra Casanova<br \/>Funciones: Promover la formaci\u00f3n continua entre los colegiados.<\/p>\n\n<div id=\"comision-de-mediacion-e-intermediacion\" class=\"wp-block-stackable-heading stk-block-heading stk-block-heading--v2 stk-block stk-a905b14\" data-block-id=\"a905b14\">\n<h2 class=\"stk-block-heading__text\">Comisi\u00f3n de Mediaci\u00f3n e Intermediaci\u00f3n<\/h2>\n<\/div>\n\n<p>Responsables: Don Manuel Cort\u00e9s Meseguer, Don Julio Salvador Serra Casanova, Do\u00f1a Mar\u00eda Jos\u00e9 Sendra-Llopis Martorell<br \/>Funciones: Promover la resoluci\u00f3n alternativa de conflictos.<\/p>\n\n<div id=\"comision-de-relaciones-institucionales-y-con-la-justicia\" class=\"wp-block-stackable-heading stk-block-heading stk-block-heading--v2 stk-block stk-e3bc3aa\" data-block-id=\"e3bc3aa\">\n<h2 class=\"stk-block-heading__text\">Comisi\u00f3n de Relaciones Institucionales y con la Justicia<\/h2>\n<\/div>\n\n<p>Responsables: Don Jes\u00fas Salvador Mu\u00f1oz Carrasquer, Don Vicente Nicola Sime\u00f3n<br \/>Funciones: Fomentar relaciones con otras instituciones y el sistema judicial.<\/p>\n\t\t\t\t\t\t\t\t<\/div>\n\t\t\t\t<\/div>\n\t\t\t\t\t<\/div>\n\t\t\t\t<\/div>\n\t\t\t\t<\/div>\n\t\t","protected":false},"excerpt":{"rendered":"<p>Junta de Gobierno. Responsables: Decano Don Jes\u00fas Salvador Mu\u00f1oz Carrasquer,Tesorero: Don Jos\u00e9 Eduardo Ram\u00f3n Lled\u00f3 Secretaria: Do\u00f1a Mar\u00eda Jos\u00e9 Sendra-Llopis MartorellFunciones: Gesti\u00f3n eficaz del colegio Responsable: Do\u00f1a Mar\u00eda Jos\u00e9 Sendra-Llopis MartorellFunciones: Velar por el cumplimiento de los principios \u00e9ticos y gesti\u00f3n de expedientes disciplinarios. Responsables: Do\u00f1a Amparo Colomina Pellicer, D\u00aa Maria Jos\u00e9 Sendra-Llopis Martorell, Don [&hellip;]<\/p>\n","protected":false},"author":1,"featured_media":0,"parent":0,"menu_order":0,"comment_status":"closed","ping_status":"closed","template":"","meta":{"footnotes":""},"class_list":["post-78","page","type-page","status-publish","hentry"],"_links":{"self":[{"href":"https:\/\/icasueca.es\/web\/wp-json\/wp\/v2\/pages\/78","targetHints":{"allow":["GET"]}}],"collection":[{"href":"https:\/\/icasueca.es\/web\/wp-json\/wp\/v2\/pages"}],"about":[{"href":"https:\/\/icasueca.es\/web\/wp-json\/wp\/v2\/types\/page"}],"author":[{"embeddable":true,"href":"https:\/\/icasueca.es\/web\/wp-json\/wp\/v2\/users\/1"}],"replies":[{"embeddable":true,"href":"https:\/\/icasueca.es\/web\/wp-json\/wp\/v2\/comments?post=78"}],"version-history":[{"count":43,"href":"https:\/\/icasueca.es\/web\/wp-json\/wp\/v2\/pages\/78\/revisions"}],"predecessor-version":[{"id":1364,"href":"https:\/\/icasueca.es\/web\/wp-json\/wp\/v2\/pages\/78\/revisions\/1364"}],"wp:attachment":[{"href":"https:\/\/icasueca.es\/web\/wp-json\/wp\/v2\/media?parent=78"}],"curies":[{"name":"wp","href":"https:\/\/api.w.org\/{rel}","templated":true}]}}